{"id":22735,"date":"2017-09-15T10:04:38","date_gmt":"2017-09-15T09:04:38","guid":{"rendered":"https:\/\/marchecountryhomes.com\/de\/?page_id=22735"},"modified":"2023-02-01T11:12:13","modified_gmt":"2023-02-01T10:12:13","slug":"restaurierung-der-bauernhaeuser","status":"publish","type":"page","link":"https:\/\/marchecountryhomes.com\/de\/restaurierung-der-bauernhaeuser\/","title":{"rendered":"Restaurierung der Bauernh\u00e4user"},"content":{"rendered":"<p>[vc_row][vc_column][vc_column_text]<\/p>\n<h2><span style=\"color: #97896f;\">Von der Planung \u00fcber Renovierungs- und Restaurierungsarbeiten bis hin zur Beratung.<\/span><\/h2>\n<p>Marche Country Homes bietet eine breite Palette von Dienstleistungen. Von der Planung bis zur Renovierung von Bauernh\u00e4usern, rustikalen H\u00e4usern und Villen, einschlie\u00dflich Beratung bei der Restaurierung von Immobilien.<\/p>\n<p>Hier sind einige Beispiele f\u00fcr Planungs- und Restaurierungsarbeiten f\u00fcr Bauernh\u00e4user.[\/vc_column_text][\/vc_column][\/vc_row][vc_row][vc_column][vc_tta_accordion active_section=&#8220;&#8220;][vc_tta_section title=&#8220;Lesen Sie mehr&#8220; tab_id=&#8220;1584201912156-35db24cf-185a&#8220;][vc_column_text]Das Gebiet der Region Marken ist mit <strong>Bauernh\u00e4usern<\/strong>, <strong>rustikalen H\u00e4usern<\/strong> auf dem Land oder in den Bergen inmitten der ruhigen Natur \u00fcbers\u00e4t, wo Steingeb\u00e4ude perfekt in die Landschaft passen, als w\u00e4ren sie gestrichen. Unser Hauptanliegen war es immer, st\u00e4ndig nach H\u00e4usern mit architektonischem, historischem und kulturellem Wert zu suchen.<\/p>\n<p>Wir bringen Fachwissen, Professionalit\u00e4t und Leidenschaft in die <strong>Restaurierung von Bauernh\u00e4usern<\/strong> ein, um die urspr\u00fcngliche Atmosph\u00e4re wiederherzustellen und die lange Geschichte und den Charme der Geb\u00e4ude beizubehalten. Wenn Sie sich f\u00fcr den Kauf eines Bauernhauses zum Verkauf in unserem Katalog entscheiden, werden Sie von der faszinierenden Wahrnehmung von Anreizen aus der Natur beeinflusst, von der Faszination f\u00fcr einen ruhigen und friedlichen Lebensstil, ob f\u00fcr das ganze Jahr oder nur f\u00fcr den Urlaub ist sowieso weit entfernt von der Hektik unserer modernen Zeit, so dass Sie Ihre Batterien aufladen und die M\u00f6glichkeit haben k\u00f6nnen, die Ruhe mit Ihrer Familie zu genie\u00dfen.<br \/>\nNormalerweise umfasst diese Art von Geb\u00e4uden einen Garten, der auf verschiedene Arten genutzt werden kann. Wir von Marche Country Homes unterst\u00fctzen Sie auch bei dieser Art von Beratung.<\/p>\n<p>Wir haben eine langj\u00e4hrige Partnerschaft mit Fachleuten f\u00fcr <strong>Restaurierungs<\/strong>&#8211; und Renovierungsarbeiten, damit wir gemeinsam mit Kunden ein neues Leben f\u00fcr ihr neues Zuhause gestalten k\u00f6nnen, das den technischen Merkmalen und dem historischen Wert alter Geb\u00e4ude entspricht, da diese stets Leidenschaft und Fachwissen eingehalten werden sollten, denn jedes Geb\u00e4ude ist f\u00fcr uns ein kleines, aber gro\u00dfes Kunstwerk.[\/vc_column_text][\/vc_tta_section][\/vc_tta_accordion][\/vc_column][\/vc_row][vc_row][vc_column][vc_column_text]<div class=\"pt-cv-wrapper\"><div class=\"pt-cv-view pt-cv-collapsible\" id=\"pt-cv-view-67650f6y38\"><div data-id=\"pt-cv-page-1\" class=\"pt-cv-page\" data-cvc=\"1\"><div class=\"panel-group\" id=\"9d4d2b1zq3\"><div class=\"panel panel-default pt-cv-content-item pt-cv-1-col\" >\r\n<div class=\"panel-heading pt-cv-title\">\r\n    <a class=\"panel-title\" data-toggle=\"cvcollapse\" data-parent=\"#9d4d2b1zq3\" data-target=\"#f132d8938l\" href='https:\/\/marchecountryhomes.com\/de\/steinbauernhaus-auf-den-huegeln\/' onclick='event.preventDefault()'>\r\n\t\tSTEINBAUERNHAUS AUF DEN H\u00dcGELN\t<\/a>\r\n\t<\/div>\r\n<div id=\"f132d8938l\" class=\"panel-collapse collapse in\">\r\n\t<div class=\"panel-body\">\r\n\t\t<a href=\"https:\/\/marchecountryhomes.com\/de\/steinbauernhaus-auf-den-huegeln\/\" class=\"_self pt-cv-href-thumbnail pt-cv-thumb-default\" target=\"_self\" ><img fetchpriority=\"high\" decoding=\"async\" width=\"828\" height=\"466\" src=\"https:\/\/marchecountryhomes.com\/wp-content\/uploads\/2017\/09\/casale-pietra-colli-pesaro.jpg\" class=\"pt-cv-thumbnail\" alt=\"\" srcset=\"https:\/\/marchecountryhomes.com\/wp-content\/uploads\/2017\/09\/casale-pietra-colli-pesaro.jpg 1000w, https:\/\/marchecountryhomes.com\/wp-content\/uploads\/2017\/09\/casale-pietra-colli-pesaro-300x169.jpg 300w, https:\/\/marchecountryhomes.com\/wp-content\/uploads\/2017\/09\/casale-pietra-colli-pesaro-768x432.jpg 768w, https:\/\/marchecountryhomes.com\/wp-content\/uploads\/2017\/09\/casale-pietra-colli-pesaro-150x84.jpg 150w\" sizes=\"(max-width: 828px) 100vw, 828px\" \/><\/a>\n<div class=\"pt-cv-content\"><p>[vc_row][vc_column][vc_column_text]<\/p>\n<h5>Steinbauernhaus inmitten der H\u00fcgel von Pesaro, die Renovierungsarbeiten dauerten 16 Monate.<\/h5>\n<p>Der \u00dcberblick von der Veranda ist atemlos: das ferne Meer und die gr\u00fcnen H\u00fcgel verleihen ein ruhiges Gef\u00fchl. Innen ist das Haus minimalistisch und modern, inklusive Designelementen. Drau\u00dfen gibt es einen Holzofen und einen gro\u00dfen Swimmingpool mit einer freien, aber angenehmen Form.[\/vc_column_text][vc_btn title=&#8220;WEITERE INFORMATIONEN&#8220; style=&#8220;custom&#8220; custom_background=&#8220;#94876c&#8220; custom_text=&#8220;#ffffff&#8220; shape=&#8220;square&#8220; align=&#8220;center&#8220; link=&#8220;url:https%3A%2F%2Fmarchecountryhomes.com%2Fde%2Fkontakte%2F&#8220;][\/vc_column][\/vc_row]<\/p>\n<\/div>\t<\/div>\r\n<\/div><\/div>\n<div class=\"panel panel-default pt-cv-content-item pt-cv-1-col\" >\r\n<div class=\"panel-heading pt-cv-title\">\r\n    <a class=\"panel-title\" data-toggle=\"cvcollapse\" data-parent=\"#9d4d2b1zq3\" data-target=\"#d802bcdtuy\" href='https:\/\/marchecountryhomes.com\/de\/palast-in-arcevia\/' onclick='event.preventDefault()'>\r\n\t\tPALAST IN ARCEVIA\t<\/a>\r\n\t<\/div>\r\n<div id=\"d802bcdtuy\" class=\"panel-collapse collapse \">\r\n\t<div class=\"panel-body\">\r\n\t\t<a href=\"https:\/\/marchecountryhomes.com\/de\/palast-in-arcevia\/\" class=\"_self pt-cv-href-thumbnail pt-cv-thumb-default\" target=\"_self\" ><img decoding=\"async\" width=\"828\" height=\"552\" src=\"https:\/\/marchecountryhomes.com\/wp-content\/uploads\/2017\/09\/palazzo-storico-arcevia-sergio-marinelli-architetto.jpg\" class=\"pt-cv-thumbnail\" alt=\"palast in arcevia\" srcset=\"https:\/\/marchecountryhomes.com\/wp-content\/uploads\/2017\/09\/palazzo-storico-arcevia-sergio-marinelli-architetto.jpg 900w, https:\/\/marchecountryhomes.com\/wp-content\/uploads\/2017\/09\/palazzo-storico-arcevia-sergio-marinelli-architetto-300x200.jpg 300w, https:\/\/marchecountryhomes.com\/wp-content\/uploads\/2017\/09\/palazzo-storico-arcevia-sergio-marinelli-architetto-768x512.jpg 768w, https:\/\/marchecountryhomes.com\/wp-content\/uploads\/2017\/09\/palazzo-storico-arcevia-sergio-marinelli-architetto-150x100.jpg 150w, https:\/\/marchecountryhomes.com\/wp-content\/uploads\/2017\/09\/palazzo-storico-arcevia-sergio-marinelli-architetto-244x163.jpg 244w, https:\/\/marchecountryhomes.com\/wp-content\/uploads\/2017\/09\/palazzo-storico-arcevia-sergio-marinelli-architetto-579x386.jpg 579w\" sizes=\"(max-width: 828px) 100vw, 828px\" \/><\/a>\n<div class=\"pt-cv-content\"><p>[vc_row][vc_column][vc_column_text]<\/p>\n<h5 style=\"text-align: justify;\">Restaurierungs- und Renovierungsarbeiten f\u00fcr ein Mehrfamilienhaus des achtzehnten Jahrhunderts im palast in Arcevia.<\/h5>\n<p style=\"text-align: justify;\">Dies ist ein Mehrfamilienhaus mit Innenhof und angeschlossener kleiner Kirche aus dem achtzehnten Jahrhundert. Die Immobilie zeigte Anzeichen von Verfall, obwohl die Struktur des Geb\u00e4udes solid war. Die r\u00e4umliche Trennung der R\u00e4ume wurde eingehalten, da die Zuordnung bereits passend definiert war.<\/p>\n<p>[\/vc_column_text][vc_btn title=&#8220;WEITERE INFORMATIONEN&#8220; style=&#8220;custom&#8220; custom_background=&#8220;#94876c&#8220; custom_text=&#8220;#ffffff&#8220; shape=&#8220;square&#8220; align=&#8220;center&#8220; link=&#8220;url:https%3A%2F%2Fmarchecountryhomes.com%2Fde%2Fkontakte%2F&#8220;][\/vc_column][\/vc_row]<\/p>\n<\/div>\t<\/div>\r\n<\/div><\/div>\n<div class=\"panel panel-default pt-cv-content-item pt-cv-1-col\" >\r\n<div class=\"panel-heading pt-cv-title\">\r\n    <a class=\"panel-title\" data-toggle=\"cvcollapse\" data-parent=\"#9d4d2b1zq3\" data-target=\"#263a207dha\" href='https:\/\/marchecountryhomes.com\/de\/bauernhaus-auf-den-huegeln-von-apiro\/' onclick='event.preventDefault()'>\r\n\t\tBAUERNHAUS AUF DEN H\u00dcGELN VON APIRO\t<\/a>\r\n\t<\/div>\r\n<div id=\"263a207dha\" class=\"panel-collapse collapse \">\r\n\t<div class=\"panel-body\">\r\n\t\t<a href=\"https:\/\/marchecountryhomes.com\/de\/bauernhaus-auf-den-huegeln-von-apiro\/\" class=\"_self pt-cv-href-thumbnail pt-cv-thumb-default\" target=\"_self\" ><img decoding=\"async\" width=\"828\" height=\"446\" src=\"https:\/\/marchecountryhomes.com\/wp-content\/uploads\/2017\/09\/casale-colli-apiro-1024x551.jpg\" class=\"pt-cv-thumbnail\" alt=\"\" srcset=\"https:\/\/marchecountryhomes.com\/wp-content\/uploads\/2017\/09\/casale-colli-apiro-1024x551.jpg 1024w, https:\/\/marchecountryhomes.com\/wp-content\/uploads\/2017\/09\/casale-colli-apiro-300x162.jpg 300w, https:\/\/marchecountryhomes.com\/wp-content\/uploads\/2017\/09\/casale-colli-apiro-768x414.jpg 768w, https:\/\/marchecountryhomes.com\/wp-content\/uploads\/2017\/09\/casale-colli-apiro-150x81.jpg 150w, https:\/\/marchecountryhomes.com\/wp-content\/uploads\/2017\/09\/casale-colli-apiro.jpg 1300w\" sizes=\"(max-width: 828px) 100vw, 828px\" \/><\/a>\n<div class=\"pt-cv-content\"><p>[vc_row][vc_column][vc_column_text]<\/p>\n<h5 style=\"text-align: justify;\">Dieses beeindruckende Bauernhaus aus Stein befindet sich in Apiro (Provinz Macerata).<\/h5>\n<p style=\"text-align: justify;\">W\u00e4hrend der Restaurierungsarbeiten wurden gro\u00dfe \u00d6ffnungen und Decken vor dem gro\u00dfen Kamin zusammengehalten, was dem Haus eine warme Atmosph\u00e4re verleiht. Mit Geschmack und Liebe f\u00fcr Kunst eingerichtet, hat das Anwesen auch einen tiefen und quadratischen Pool.<\/p>\n<p>[\/vc_column_text][vc_btn title=&#8220;WEITERE INFORMATIONEN&#8220; style=&#8220;custom&#8220; custom_background=&#8220;#94876c&#8220; custom_text=&#8220;#ffffff&#8220; shape=&#8220;square&#8220; align=&#8220;center&#8220; link=&#8220;url:https%3A%2F%2Fmarchecountryhomes.com%2Fde%2Fkontakte%2F&#8220;][\/vc_column][\/vc_row]<\/p>\n<\/div>\t<\/div>\r\n<\/div><\/div>\n<div class=\"panel panel-default pt-cv-content-item pt-cv-1-col\" >\r\n<div class=\"panel-heading pt-cv-title\">\r\n    <a class=\"panel-title\" data-toggle=\"cvcollapse\" data-parent=\"#9d4d2b1zq3\" data-target=\"#0030193yl6\" href='https:\/\/marchecountryhomes.com\/de\/bauernhaus-avenale-in-cingoli\/' onclick='event.preventDefault()'>\r\n\t\tBAUERNHAUS AVENALE IN CINGOLI\t<\/a>\r\n\t<\/div>\r\n<div id=\"0030193yl6\" class=\"panel-collapse collapse \">\r\n\t<div class=\"panel-body\">\r\n\t\t<a href=\"https:\/\/marchecountryhomes.com\/de\/bauernhaus-avenale-in-cingoli\/\" class=\"_self pt-cv-href-thumbnail pt-cv-thumb-default\" target=\"_self\" ><img loading=\"lazy\" decoding=\"async\" width=\"828\" height=\"552\" src=\"https:\/\/marchecountryhomes.com\/wp-content\/uploads\/2017\/09\/casale-avenale.jpg\" class=\"pt-cv-thumbnail\" alt=\"\" srcset=\"https:\/\/marchecountryhomes.com\/wp-content\/uploads\/2017\/09\/casale-avenale.jpg 933w, https:\/\/marchecountryhomes.com\/wp-content\/uploads\/2017\/09\/casale-avenale-300x200.jpg 300w, https:\/\/marchecountryhomes.com\/wp-content\/uploads\/2017\/09\/casale-avenale-768x512.jpg 768w, https:\/\/marchecountryhomes.com\/wp-content\/uploads\/2017\/09\/casale-avenale-150x100.jpg 150w, https:\/\/marchecountryhomes.com\/wp-content\/uploads\/2017\/09\/casale-avenale-488x326.jpg 488w\" sizes=\"(max-width: 828px) 100vw, 828px\" \/><\/a>\n<div class=\"pt-cv-content\"><p>[vc_row][vc_column][vc_column_text]<\/p>\n<h5 style=\"text-align: justify;\">Das urspr\u00fcngliche Haus wurde abgerissen und dann etwas weiter von der Stra\u00dfe entfernt gebaut. Seine Struktur ist erdbebensicher in Bl\u00f6cken und bedeckt mit Stein aus dem alten abgerissenen Haus.<\/h5>\n<div>Das <strong>Bauernhaus Avenale in Cingoli<\/strong>, einschlie\u00dflich einer Photovoltaikanlage, verf\u00fcgt \u00fcber drei Schlafzimmer, ein Arbeitszimmer und vier Badezimmer. Das Hauptmerkmal ist ein Nebengeb\u00e4ude f\u00fcr die G\u00e4ste, ein Pool mit Aussicht und ein Tank f\u00fcr das Regenwasser zur Bew\u00e4sserung des umliegenden Gartens. Das Haus ist als Energieklasse &#8222;A&#8220; projektiert und klassifiziert (No-Gas-Klasse)..<\/div>\n<p>[\/vc_column_text][vc_btn title=&#8220;WEITERE INFORMATIONEN&#8220; style=&#8220;custom&#8220; custom_background=&#8220;#94876c&#8220; custom_text=&#8220;#ffffff&#8220; shape=&#8220;square&#8220; link=&#8220;url:https%3A%2F%2Fmarchecountryhomes.com%2Fde%2Fkontakte%2F&#8220;][\/vc_column][\/vc_row]<\/p>\n<\/div>\t<\/div>\r\n<\/div><\/div>\n<div class=\"panel panel-default pt-cv-content-item pt-cv-1-col\" >\r\n<div class=\"panel-heading pt-cv-title\">\r\n    <a class=\"panel-title\" data-toggle=\"cvcollapse\" data-parent=\"#9d4d2b1zq3\" data-target=\"#582cd4fctw\" href='https:\/\/marchecountryhomes.com\/de\/historisches-haus-in-jesi\/' onclick='event.preventDefault()'>\r\n\t\tHistorisches haus in Jesi\t<\/a>\r\n\t<\/div>\r\n<div id=\"582cd4fctw\" class=\"panel-collapse collapse \">\r\n\t<div class=\"panel-body\">\r\n\t\t<a href=\"https:\/\/marchecountryhomes.com\/de\/historisches-haus-in-jesi\/\" class=\"_self pt-cv-href-thumbnail pt-cv-thumb-default\" target=\"_self\" ><img loading=\"lazy\" decoding=\"async\" width=\"680\" height=\"454\" src=\"https:\/\/marchecountryhomes.com\/wp-content\/uploads\/2017\/09\/casa.centro-jesi.jpg\" class=\"pt-cv-thumbnail\" alt=\"\" srcset=\"https:\/\/marchecountryhomes.com\/wp-content\/uploads\/2017\/09\/casa.centro-jesi.jpg 680w, https:\/\/marchecountryhomes.com\/wp-content\/uploads\/2017\/09\/casa.centro-jesi-300x200.jpg 300w, https:\/\/marchecountryhomes.com\/wp-content\/uploads\/2017\/09\/casa.centro-jesi-150x100.jpg 150w, https:\/\/marchecountryhomes.com\/wp-content\/uploads\/2017\/09\/casa.centro-jesi-488x326.jpg 488w\" sizes=\"(max-width: 680px) 100vw, 680px\" \/><\/a>\n<div class=\"pt-cv-content\"><p>[vc_row][vc_column][vc_column_text]<\/p>\n<h5 style=\"text-align: justify;\">Das Geb\u00e4ude wurde Ende des 18. Jahrhunderts erbaut und war \u00fcber mehrere Jahre ein Hotel. Die Restaurierungsarbeiten schufen Wohnungen, behielten jedoch die Eigenschaften der Platte mit Balken und St\u00fcrzen, jetzt in Eisen.<\/h5>\n<p style=\"text-align: justify;\">Der Garten, der das Geb\u00e4ude auf drei Seiten umgibt, wurde auf mehreren Ebenen gebaut und verbindet Schlafzimmer mit Wohnzimmer der Wohnung; Auf der vierten Seite gibt es einen Blick \u00fcber die D\u00e4cher der Stadt und es gibt einen reichen Rosenhain und Orangenb\u00e4ume. Die Wohnungen teilen sich einen Garagenplatz mit Aufzug f\u00fcr alle Wohnungen, die sie auch mit der Piazza della Repubblica verbinden, dem Herzen der Stadt Jesi.<\/p>\n<p>[\/vc_column_text][vc_btn title=&#8220;WEITERE INFORMATIONEN&#8220; style=&#8220;custom&#8220; custom_background=&#8220;#94876c&#8220; custom_text=&#8220;#ffffff&#8220; shape=&#8220;square&#8220; link=&#8220;url:https%3A%2F%2Fmarchecountryhomes.com%2Fde%2Fkontakte%2F&#8220;][\/vc_column][\/vc_row]<\/p>\n<\/div>\t<\/div>\r\n<\/div><\/div>\n<div class=\"panel panel-default pt-cv-content-item pt-cv-1-col\" >\r\n<div class=\"panel-heading pt-cv-title\">\r\n    <a class=\"panel-title\" data-toggle=\"cvcollapse\" data-parent=\"#9d4d2b1zq3\" data-target=\"#dc567b2xgp\" href='https:\/\/marchecountryhomes.com\/de\/bauernhaus-vom-hirsch-in-ostra\/' onclick='event.preventDefault()'>\r\n\t\tBAUERNHAUS VOM HIRSCH IN OSTRA\t<\/a>\r\n\t<\/div>\r\n<div id=\"dc567b2xgp\" class=\"panel-collapse collapse \">\r\n\t<div class=\"panel-body\">\r\n\t\t<a href=\"https:\/\/marchecountryhomes.com\/de\/bauernhaus-vom-hirsch-in-ostra\/\" class=\"_self pt-cv-href-thumbnail pt-cv-thumb-default\" target=\"_self\" ><img loading=\"lazy\" decoding=\"async\" width=\"828\" height=\"435\" src=\"https:\/\/marchecountryhomes.com\/wp-content\/uploads\/2017\/09\/casale-cervo-ostra.jpg\" class=\"pt-cv-thumbnail\" alt=\"\" srcset=\"https:\/\/marchecountryhomes.com\/wp-content\/uploads\/2017\/09\/casale-cervo-ostra.jpg 1000w, https:\/\/marchecountryhomes.com\/wp-content\/uploads\/2017\/09\/casale-cervo-ostra-300x158.jpg 300w, https:\/\/marchecountryhomes.com\/wp-content\/uploads\/2017\/09\/casale-cervo-ostra-768x403.jpg 768w, https:\/\/marchecountryhomes.com\/wp-content\/uploads\/2017\/09\/casale-cervo-ostra-150x79.jpg 150w\" sizes=\"(max-width: 828px) 100vw, 828px\" \/><\/a>\n<div class=\"pt-cv-content\"><p>[vc_row][vc_column][vc_column_text]<\/p>\n<h5 style=\"text-align: justify;\">Das Bauernhaus vom Hirsch befindet sich in Ostra, in der Provinz von Ancona und vom Schwimmbad, auf einem H\u00fcgel hinter dem Geb\u00e4ude, k\u00f6nnen Sie das Dorf von oben \u00fcberblicken.<\/h5>\n<p style=\"text-align: justify;\">Bei den Renovierungsarbeiten wurden Pastellfarben gew\u00e4hlt, die f\u00fcr den Harzfu\u00dfboden und Fu\u00dfbodenheizung geeignet sind. Die Struktur des Hauses ist isoliert, sie ist aus Stein und erdbebensicher wieder aufgebaut, seine Oberfl\u00e4che mit alten Ziegeln bedeckt. Ein weiteres wichtiges Detail ist der Weinkeller mit Temperaturregelung.<\/p>\n<p>[\/vc_column_text][vc_btn title=&#8220;WEITERE INFORMATIONEN&#8220; style=&#8220;custom&#8220; custom_background=&#8220;#94876c&#8220; custom_text=&#8220;#ffffff&#8220; shape=&#8220;square&#8220; link=&#8220;url:https%3A%2F%2Fmarchecountryhomes.com%2Fde%2Fkontakte%2F&#8220;][\/vc_column][\/vc_row]<\/p>\n<\/div>\t<\/div>\r\n<\/div><\/div>\n<div class=\"panel panel-default pt-cv-content-item pt-cv-1-col\" >\r\n<div class=\"panel-heading pt-cv-title\">\r\n    <a class=\"panel-title\" data-toggle=\"cvcollapse\" data-parent=\"#9d4d2b1zq3\" data-target=\"#a1ff774fw1\" href='https:\/\/marchecountryhomes.com\/de\/bauernhaus-spada-in-filottrano\/' onclick='event.preventDefault()'>\r\n\t\tBAUERNHAUS SPADA IN FILOTTRANO\t<\/a>\r\n\t<\/div>\r\n<div id=\"a1ff774fw1\" class=\"panel-collapse collapse \">\r\n\t<div class=\"panel-body\">\r\n\t\t<a href=\"https:\/\/marchecountryhomes.com\/de\/bauernhaus-spada-in-filottrano\/\" class=\"_self pt-cv-href-thumbnail pt-cv-thumb-default\" target=\"_self\" ><img loading=\"lazy\" decoding=\"async\" width=\"828\" height=\"505\" src=\"https:\/\/marchecountryhomes.com\/wp-content\/uploads\/2017\/09\/casale-spada-filottrano-1024x624.jpg\" class=\"pt-cv-thumbnail\" alt=\"\" srcset=\"https:\/\/marchecountryhomes.com\/wp-content\/uploads\/2017\/09\/casale-spada-filottrano.jpg 1024w, https:\/\/marchecountryhomes.com\/wp-content\/uploads\/2017\/09\/casale-spada-filottrano-300x183.jpg 300w, https:\/\/marchecountryhomes.com\/wp-content\/uploads\/2017\/09\/casale-spada-filottrano-768x468.jpg 768w, https:\/\/marchecountryhomes.com\/wp-content\/uploads\/2017\/09\/casale-spada-filottrano-150x91.jpg 150w\" sizes=\"(max-width: 828px) 100vw, 828px\" \/><\/a>\n<div class=\"pt-cv-content\"><p>[vc_row][vc_column][vc_column_text]<\/p>\n<h5 style=\"text-align: justify;\">Das Geb\u00e4ude war in einem sehr schlechten Zustand, weil es \u00fcber drei\u00dfig Jahre lang verlassen wurde.<\/h5>\n<p style=\"text-align: justify;\">Es wurde unter Verwendung von Originalmaterialien in seiner alten Form und Position wieder aufgebaut, ebenso wie das angrenzende Nebengeb\u00e4ude, das heute als Garage genutzt wird. Die Fassade wird durch eine gro\u00dfe Veranda abgerundet, die zum Esszimmer mit einem Kamin mit nat\u00fcrlicher Bel\u00fcftung f\u00fchrt. Das Bauernhaus Spada in Filottrano ist mit einer Fu\u00dfbodenheizung und einer solarthermischen Anlage ausgestattet.<\/p>\n<p>[\/vc_column_text][vc_btn title=&#8220;WEITERE INFORMATIONEN&#8220; style=&#8220;custom&#8220; custom_background=&#8220;#94876c&#8220; custom_text=&#8220;#ffffff&#8220; shape=&#8220;square&#8220; link=&#8220;url:https%3A%2F%2Fmarchecountryhomes.com%2Fde%2Fkontakte%2F&#8220;][\/vc_column][\/vc_row]<\/p>\n<\/div>\t<\/div>\r\n<\/div><\/div>\n<div class=\"panel panel-default pt-cv-content-item pt-cv-1-col\" >\r\n<div class=\"panel-heading pt-cv-title\">\r\n    <a class=\"panel-title\" data-toggle=\"cvcollapse\" data-parent=\"#9d4d2b1zq3\" data-target=\"#d5f614dvq4\" href='https:\/\/marchecountryhomes.com\/de\/haus-in-morro-dalba\/' onclick='event.preventDefault()'>\r\n\t\tHAUS IN MORRO D&#8217;ALBA\t<\/a>\r\n\t<\/div>\r\n<div id=\"d5f614dvq4\" class=\"panel-collapse collapse \">\r\n\t<div class=\"panel-body\">\r\n\t\t<a href=\"https:\/\/marchecountryhomes.com\/de\/haus-in-morro-dalba\/\" class=\"_self pt-cv-href-thumbnail pt-cv-thumb-default\" target=\"_self\" ><img loading=\"lazy\" decoding=\"async\" width=\"600\" height=\"450\" src=\"https:\/\/marchecountryhomes.com\/wp-content\/uploads\/2017\/09\/restored_country_home_marche_morro_d_alba_4.jpg\" class=\"pt-cv-thumbnail\" alt=\"\" srcset=\"https:\/\/marchecountryhomes.com\/wp-content\/uploads\/2017\/09\/restored_country_home_marche_morro_d_alba_4.jpg 600w, https:\/\/marchecountryhomes.com\/wp-content\/uploads\/2017\/09\/restored_country_home_marche_morro_d_alba_4-300x225.jpg 300w, https:\/\/marchecountryhomes.com\/wp-content\/uploads\/2017\/09\/restored_country_home_marche_morro_d_alba_4-150x113.jpg 150w, https:\/\/marchecountryhomes.com\/wp-content\/uploads\/2017\/09\/restored_country_home_marche_morro_d_alba_4-400x300.jpg 400w\" sizes=\"(max-width: 600px) 100vw, 600px\" \/><\/a>\n<div class=\"pt-cv-content\"><p>[vc_row][vc_column][vc_column_text]<\/p>\n<h5 style=\"text-align: justify;\"><u><\/u>Das ganze Geb\u00e4ude war in einem schlechten Zustand, so wurde es abgerissen und dann wieder aufgebaut, wobei die Ziegel f\u00fcr die \u00e4u\u00dfere Oberfl\u00e4che des neuen erdbebensicheren Geb\u00e4udes wiederverwendet wurden.<\/h5>\n<p style=\"text-align: justify;\">Haus in Morro d&#8217;Alba hat die urspr\u00fcngliche Anzahl der Zimmer mit seinen gro\u00dfen und einfachen Bereichen beibehalten. Die Gesamtfl\u00e4che betr\u00e4gt durchschnittlich 350 Quadratmeter auf zwei Etagen. Im Erdgeschoss: zwei gro\u00dfe Wohnzimmer, K\u00fcche und Essecke. Auf dem ersten Stock: eine gro\u00dfe Suite von 80 Quadratmetern und drei Doppelzimmer. Eine Wendeltreppe verbindet die beiden Etagen. Es gibt auch ein Nebengeb\u00e4ude f\u00fcr die G\u00e4ste, mit einem Doppelzimmer, Bad und Abstellraum.<\/p>\n<p>[\/vc_column_text][vc_btn title=&#8220;WEITERE INFORMATIONEN&#8220; style=&#8220;custom&#8220; custom_background=&#8220;#94876c&#8220; custom_text=&#8220;#ffffff&#8220; shape=&#8220;square&#8220; link=&#8220;url:https%3A%2F%2Fmarchecountryhomes.com%2Fde%2Fkontakte%2F&#8220;][\/vc_column][\/vc_row]<\/p>\n<\/div>\t<\/div>\r\n<\/div><\/div>\n<div class=\"panel panel-default pt-cv-content-item pt-cv-1-col\" >\r\n<div class=\"panel-heading pt-cv-title\">\r\n    <a class=\"panel-title\" data-toggle=\"cvcollapse\" data-parent=\"#9d4d2b1zq3\" data-target=\"#35b1376y4b\" href='https:\/\/marchecountryhomes.com\/de\/fonte-del-re-morro-dalba\/' onclick='event.preventDefault()'>\r\n\t\tFonte del Re Morro d\u2019Alba\t<\/a>\r\n\t<\/div>\r\n<div id=\"35b1376y4b\" class=\"panel-collapse collapse \">\r\n\t<div class=\"panel-body\">\r\n\t\t<a href=\"https:\/\/marchecountryhomes.com\/de\/fonte-del-re-morro-dalba\/\" class=\"_self pt-cv-href-thumbnail pt-cv-thumb-default\" target=\"_self\" ><img loading=\"lazy\" decoding=\"async\" width=\"700\" height=\"467\" src=\"https:\/\/marchecountryhomes.com\/wp-content\/uploads\/2017\/09\/fonte.re-moro.jpg\" class=\"pt-cv-thumbnail\" alt=\"\" srcset=\"https:\/\/marchecountryhomes.com\/wp-content\/uploads\/2017\/09\/fonte.re-moro.jpg 700w, https:\/\/marchecountryhomes.com\/wp-content\/uploads\/2017\/09\/fonte.re-moro-300x200.jpg 300w, https:\/\/marchecountryhomes.com\/wp-content\/uploads\/2017\/09\/fonte.re-moro-150x100.jpg 150w, https:\/\/marchecountryhomes.com\/wp-content\/uploads\/2017\/09\/fonte.re-moro-488x326.jpg 488w\" sizes=\"(max-width: 700px) 100vw, 700px\" \/><\/a>\n<div class=\"pt-cv-content\"><p>[vc_row][vc_column][vc_column_text]<\/p>\n<h5 style=\"text-align: justify;\">Das Geb\u00e4ude befindet sich in Morro d&#8217;Alba. Das urspr\u00fcngliche Haus hatte ernsthafte Sch\u00e4den, so wurde es abgerissen und dann mit den urspr\u00fcnglichen Materialien komplett wiederaufgebaut.<\/h5>\n<p style=\"text-align: justify;\">Fonte del Re in Morro d\u2019Alba sollte eine Fr\u00fchst\u00fcckspension werden, und es gibt auch eine private Wohnung. Im Nebengeb\u00e4ude gibt es eine Wohnung, eine Sauna und einen Raum f\u00fcr das Schwimmbad. Oudoors gibt es einen Grillofen. Das Anwesen umfasst einen Infinity-Pool 20 Meter gro\u00df, eine Tiefgarage von 100 Quadratmetern und einen Park \u00fcber 7500 Quadratmeter auf drei Ebenen, so dass die G\u00e4ste einen separaten Bereich aus dem privaten Gem\u00fcsegarten haben.<\/p>\n<p>[\/vc_column_text][vc_btn title=&#8220;WEITERE INFORMATIONEN&#8220; style=&#8220;custom&#8220; custom_background=&#8220;#94876c&#8220; custom_text=&#8220;#ffffff&#8220; shape=&#8220;square&#8220; link=&#8220;url:https%3A%2F%2Fmarchecountryhomes.com%2Fde%2Fkontakte%2F&#8220;][\/vc_column][\/vc_row]<\/p>\n<\/div>\t<\/div>\r\n<\/div><\/div>\n<div class=\"panel panel-default pt-cv-content-item pt-cv-1-col\" >\r\n<div class=\"panel-heading pt-cv-title\">\r\n    <a class=\"panel-title\" data-toggle=\"cvcollapse\" data-parent=\"#9d4d2b1zq3\" data-target=\"#c5c39a98zh\" href='https:\/\/marchecountryhomes.com\/de\/fonte-von-castelplanio\/' onclick='event.preventDefault()'>\r\n\t\tFONTE VON CASTELPLANIO\t<\/a>\r\n\t<\/div>\r\n<div id=\"c5c39a98zh\" class=\"panel-collapse collapse \">\r\n\t<div class=\"panel-body\">\r\n\t\t<a href=\"https:\/\/marchecountryhomes.com\/de\/fonte-von-castelplanio\/\" class=\"_self pt-cv-href-thumbnail pt-cv-thumb-default\" target=\"_self\" ><img loading=\"lazy\" decoding=\"async\" width=\"700\" height=\"467\" src=\"https:\/\/marchecountryhomes.com\/wp-content\/uploads\/2017\/09\/casale-sui-castelli-di-jesi-fonte-di-castelplanio-sergio-marinelli.jpg\" class=\"pt-cv-thumbnail\" alt=\"Bauernhaus Fonte von Castelpanio\" srcset=\"https:\/\/marchecountryhomes.com\/wp-content\/uploads\/2017\/09\/casale-sui-castelli-di-jesi-fonte-di-castelplanio-sergio-marinelli.jpg 700w, https:\/\/marchecountryhomes.com\/wp-content\/uploads\/2017\/09\/casale-sui-castelli-di-jesi-fonte-di-castelplanio-sergio-marinelli-300x200.jpg 300w, https:\/\/marchecountryhomes.com\/wp-content\/uploads\/2017\/09\/casale-sui-castelli-di-jesi-fonte-di-castelplanio-sergio-marinelli-150x100.jpg 150w, https:\/\/marchecountryhomes.com\/wp-content\/uploads\/2017\/09\/casale-sui-castelli-di-jesi-fonte-di-castelplanio-sergio-marinelli-244x163.jpg 244w, https:\/\/marchecountryhomes.com\/wp-content\/uploads\/2017\/09\/casale-sui-castelli-di-jesi-fonte-di-castelplanio-sergio-marinelli-579x386.jpg 579w\" sizes=\"(max-width: 700px) 100vw, 700px\" \/><\/a>\n<div class=\"pt-cv-content\"><p>[vc_row][vc_column][vc_column_text]<\/p>\n<h5 style=\"text-align: justify;\">Dieses Bauernhaus Fonte von Castelpanio auf den sogenannten Castelli von Jesi wurde am Ende des neunzehnten Jahrhunderts erbaut. Es liegt in der N\u00e4he der Stadt und wurde mit Sandsteinen errichtet.<\/h5>\n<p style=\"text-align: justify;\">Das Hauptgeb\u00e4ude wurde renoviert, und in seine urspr\u00fcngliche Form zur\u00fcckversetzt. Heute betr\u00e4gt die Fl\u00e4che durchschnittlich 300 Quadratmeter. Im Erdgeschoss befinden sich das Wohnzimmer und die K\u00fcche, auf den zwei gro\u00dfen R\u00e4umen, die einst Scheunen waren. Im ersten Stock befinden sich vier Schlafzimmer, drei Badezimmer und ein kleiner Abstellraum. Das Grundst\u00fcck auf mehreren Ebenen wird als Zufahrtsstra\u00dfe genutzt, es gibt einen Parkplatz und einen Swimmingpool.<\/p>\n<p>[\/vc_column_text][vc_btn title=&#8220;WEITERE INFORMATIONEN&#8220; style=&#8220;custom&#8220; custom_background=&#8220;#94876c&#8220; custom_text=&#8220;#ffffff&#8220; shape=&#8220;square&#8220; link=&#8220;url:https%3A%2F%2Fmarchecountryhomes.com%2Fde%2Fkontakte%2F&#8220;][\/vc_column][\/vc_row]<\/p>\n<\/div>\t<\/div>\r\n<\/div><\/div>\n<div class=\"panel panel-default pt-cv-content-item pt-cv-1-col\" >\r\n<div class=\"panel-heading pt-cv-title\">\r\n    <a class=\"panel-title\" data-toggle=\"cvcollapse\" data-parent=\"#9d4d2b1zq3\" data-target=\"#bb26fa728h\" href='https:\/\/marchecountryhomes.com\/de\/bauernhaus-am-meer\/' onclick='event.preventDefault()'>\r\n\t\tBAUERNHAUS AM MEER\t<\/a>\r\n\t<\/div>\r\n<div id=\"bb26fa728h\" class=\"panel-collapse collapse \">\r\n\t<div class=\"panel-body\">\r\n\t\t<a href=\"https:\/\/marchecountryhomes.com\/de\/bauernhaus-am-meer\/\" class=\"_self pt-cv-href-thumbnail pt-cv-thumb-default\" target=\"_self\" ><img loading=\"lazy\" decoding=\"async\" width=\"828\" height=\"466\" src=\"https:\/\/marchecountryhomes.com\/wp-content\/uploads\/2017\/09\/casolare-del-mare-1024x576.jpg\" class=\"pt-cv-thumbnail\" alt=\"\" srcset=\"https:\/\/marchecountryhomes.com\/wp-content\/uploads\/2017\/09\/casolare-del-mare-1024x576.jpg 1024w, https:\/\/marchecountryhomes.com\/wp-content\/uploads\/2017\/09\/casolare-del-mare-300x169.jpg 300w, https:\/\/marchecountryhomes.com\/wp-content\/uploads\/2017\/09\/casolare-del-mare-768x432.jpg 768w, https:\/\/marchecountryhomes.com\/wp-content\/uploads\/2017\/09\/casolare-del-mare-150x84.jpg 150w, https:\/\/marchecountryhomes.com\/wp-content\/uploads\/2017\/09\/casolare-del-mare.jpg 1400w\" sizes=\"(max-width: 828px) 100vw, 828px\" \/><\/a>\n<div class=\"pt-cv-content\"><p>[vc_row][vc_column][vc_column_text]<\/p>\n<h5 style=\"text-align: justify;\">Dieses Bauernhaus am Meer ist ein traditionelles und typisch l\u00e4ndliches Geb\u00e4ude der Region Marken. Es liegt auf einem H\u00fcgel an der Adria, wo Sie einen atemberaubenden Blick \u00fcber die Landschaft genie\u00dfen k\u00f6nnen.<\/h5>\n<p style=\"text-align: justify;\">Es ist umgeben von einem fast zwei Hektar gro\u00dfen Park mit einem kleinen See, der f\u00fcr die Bew\u00e4sserung des Gr\u00fcnlandes genutzt wird. Der Swimmingpool wird von einer solarthermischen Anlage beheizt. Das Geb\u00e4ude ist auf zwei Etagen und hat eine Fl\u00e4che von 350 Quadratmetern, es gibt 4 Schlafzimmer mit vier B\u00e4dern, ein Arbeitszimmer, ein Wohnzimmer mit Kamin, eine gro\u00dfe K\u00fcche und eine sch\u00f6ne Eingangshalle. Das Heizsystem wird durch eine Photovoltaikanlage bereitgestellt, die auf dem Carport installiert ist, der zum Parken von sechs Autos verwendet wird. Es gibt kein Gassystem, daher ist es sehr umweltfreundlich.<\/p>\n<p>[\/vc_column_text][vc_btn title=&#8220;WEITERE INFORMATIONEN&#8220; style=&#8220;custom&#8220; custom_background=&#8220;#94876c&#8220; custom_text=&#8220;#ffffff&#8220; shape=&#8220;square&#8220; link=&#8220;url:https%3A%2F%2Fmarchecountryhomes.com%2Fde%2Fkontakte%2F&#8220;][\/vc_column][\/vc_row]<\/p>\n<\/div>\t<\/div>\r\n<\/div><\/div><\/div><\/div><\/div><\/div>[\/vc_column_text][\/vc_column][\/vc_row]<\/p>\n","protected":false},"excerpt":{"rendered":"<p>[vc_row][vc_column][vc_column_text] Von der Planung \u00fcber Renovierungs- und Restaurierungsarbeiten bis hin zur Beratung. Marche Country Homes bietet eine breite Palette von Dienstleistungen. Von der Planung bis zur Renovierung von Bauernh\u00e4usern, rustikalen H\u00e4usern und Villen, einschlie\u00dflich Beratung bei der Restaurierung von Immobilien. Hier sind einige Beispiele f\u00fcr Planungs- und Restaurierungsarbeiten f\u00fcr Bauernh\u00e4user.[\/vc_column_text][\/vc_column][\/vc_row][vc_row][vc_column][vc_tta_accordion active_section=&#8220;&#8220;][vc_tta_section title=&#8220;Lesen Sie mehr&#8220; tab_id=&#8220;1584201912156-35db24cf-185a&#8220;][vc_column_text]Das&#8230;<\/p>\n","protected":false},"author":12,"featured_media":24521,"parent":0,"menu_order":0,"comment_status":"closed","ping_status":"closed","template":"","meta":{"footnotes":""},"class_list":["post-22735","page","type-page","status-publish","has-post-thumbnail","hentry"],"yoast_head":"<!-- This site is optimized with the Yoast SEO plugin v26.8 - https:\/\/yoast.com\/product\/yoast-seo-wordpress\/ -->\n<title>Restaurierung der Bauernh\u00e4user - Marche Country Homes<\/title>\n<meta name=\"robots\" content=\"index, follow, max-snippet:-1, max-image-preview:large, max-video-preview:-1\" \/>\n<link rel=\"canonical\" href=\"https:\/\/marchecountryhomes.com\/de\/restaurierung-der-bauernhaeuser\/\" \/>\n<meta property=\"og:locale\" content=\"de_DE\" \/>\n<meta property=\"og:type\" content=\"article\" \/>\n<meta property=\"og:title\" content=\"Restaurierung der Bauernh\u00e4user - Marche Country Homes\" \/>\n<meta property=\"og:description\" content=\"[vc_row][vc_column][vc_column_text] Von der Planung \u00fcber Renovierungs- und Restaurierungsarbeiten bis hin zur Beratung. Marche Country Homes bietet eine breite Palette von Dienstleistungen. Von der Planung bis zur Renovierung von Bauernh\u00e4usern, rustikalen H\u00e4usern und Villen, einschlie\u00dflich Beratung bei der Restaurierung von Immobilien. Hier sind einige Beispiele f\u00fcr Planungs- und Restaurierungsarbeiten f\u00fcr Bauernh\u00e4user.[\/vc_column_text][\/vc_column][\/vc_row][vc_row][vc_column][vc_tta_accordion active_section=&#8220;&#8220;][vc_tta_section title=&#8220;Lesen Sie mehr&#8220; tab_id=&#8220;1584201912156-35db24cf-185a&#8220;][vc_column_text]Das...\" \/>\n<meta property=\"og:url\" content=\"https:\/\/marchecountryhomes.com\/de\/restaurierung-der-bauernhaeuser\/\" \/>\n<meta property=\"og:site_name\" content=\"Marche Country Homes\" \/>\n<meta property=\"article:publisher\" content=\"https:\/\/www.facebook.com\/Marche-CountryHomes-447631005268932\/\" \/>\n<meta property=\"article:modified_time\" content=\"2023-02-01T10:12:13+00:00\" \/>\n<meta property=\"og:image\" content=\"https:\/\/marchecountryhomes.com\/wp-content\/uploads\/2017\/11\/casale-colle-apiro-2.jpg\" \/>\n\t<meta property=\"og:image:width\" content=\"800\" \/>\n\t<meta property=\"og:image:height\" content=\"431\" \/>\n\t<meta property=\"og:image:type\" content=\"image\/jpeg\" \/>\n<meta name=\"twitter:card\" content=\"summary_large_image\" \/>\n<meta name=\"twitter:site\" content=\"@marcheproperty\" \/>\n<meta name=\"twitter:label1\" content=\"Gesch\u00e4tzte Lesezeit\" \/>\n\t<meta name=\"twitter:data1\" content=\"2\u00a0Minuten\" \/>\n<script type=\"application\/ld+json\" class=\"yoast-schema-graph\">{\"@context\":\"https:\/\/schema.org\",\"@graph\":[{\"@type\":\"WebPage\",\"@id\":\"https:\/\/marchecountryhomes.com\/de\/restaurierung-der-bauernhaeuser\/\",\"url\":\"https:\/\/marchecountryhomes.com\/de\/restaurierung-der-bauernhaeuser\/\",\"name\":\"Restaurierung der Bauernh\u00e4user - Marche Country Homes\",\"isPartOf\":{\"@id\":\"https:\/\/marchecountryhomes.com\/de\/#website\"},\"primaryImageOfPage\":{\"@id\":\"https:\/\/marchecountryhomes.com\/de\/restaurierung-der-bauernhaeuser\/#primaryimage\"},\"image\":{\"@id\":\"https:\/\/marchecountryhomes.com\/de\/restaurierung-der-bauernhaeuser\/#primaryimage\"},\"thumbnailUrl\":\"https:\/\/marchecountryhomes.com\/wp-content\/uploads\/2017\/11\/casale-colle-apiro-2.jpg\",\"datePublished\":\"2017-09-15T09:04:38+00:00\",\"dateModified\":\"2023-02-01T10:12:13+00:00\",\"breadcrumb\":{\"@id\":\"https:\/\/marchecountryhomes.com\/de\/restaurierung-der-bauernhaeuser\/#breadcrumb\"},\"inLanguage\":\"de\",\"potentialAction\":[{\"@type\":\"ReadAction\",\"target\":[\"https:\/\/marchecountryhomes.com\/de\/restaurierung-der-bauernhaeuser\/\"]}]},{\"@type\":\"ImageObject\",\"inLanguage\":\"de\",\"@id\":\"https:\/\/marchecountryhomes.com\/de\/restaurierung-der-bauernhaeuser\/#primaryimage\",\"url\":\"https:\/\/marchecountryhomes.com\/wp-content\/uploads\/2017\/11\/casale-colle-apiro-2.jpg\",\"contentUrl\":\"https:\/\/marchecountryhomes.com\/wp-content\/uploads\/2017\/11\/casale-colle-apiro-2.jpg\",\"width\":800,\"height\":431,\"caption\":\"Restaurierung der Bauernh\u00e4user\"},{\"@type\":\"BreadcrumbList\",\"@id\":\"https:\/\/marchecountryhomes.com\/de\/restaurierung-der-bauernhaeuser\/#breadcrumb\",\"itemListElement\":[{\"@type\":\"ListItem\",\"position\":1,\"name\":\"Home\",\"item\":\"https:\/\/marchecountryhomes.com\/de\/\"},{\"@type\":\"ListItem\",\"position\":2,\"name\":\"Restaurierung der Bauernh\u00e4user\"}]},{\"@type\":\"WebSite\",\"@id\":\"https:\/\/marchecountryhomes.com\/de\/#website\",\"url\":\"https:\/\/marchecountryhomes.com\/de\/\",\"name\":\"Marche Country Homes\",\"description\":\"Case e casali in vendita nelle Marche\",\"publisher\":{\"@id\":\"https:\/\/marchecountryhomes.com\/de\/#organization\"},\"potentialAction\":[{\"@type\":\"SearchAction\",\"target\":{\"@type\":\"EntryPoint\",\"urlTemplate\":\"https:\/\/marchecountryhomes.com\/de\/?s={search_term_string}\"},\"query-input\":{\"@type\":\"PropertyValueSpecification\",\"valueRequired\":true,\"valueName\":\"search_term_string\"}}],\"inLanguage\":\"de\"},{\"@type\":\"Organization\",\"@id\":\"https:\/\/marchecountryhomes.com\/de\/#organization\",\"name\":\"Marche Country Homes\",\"url\":\"https:\/\/marchecountryhomes.com\/de\/\",\"logo\":{\"@type\":\"ImageObject\",\"inLanguage\":\"de\",\"@id\":\"https:\/\/marchecountryhomes.com\/de\/#\/schema\/logo\/image\/\",\"url\":\"https:\/\/marchecountryhomes.com\/wp-content\/uploads\/2020\/12\/marche-country-homes-logo.png\",\"contentUrl\":\"https:\/\/marchecountryhomes.com\/wp-content\/uploads\/2020\/12\/marche-country-homes-logo.png\",\"width\":168,\"height\":159,\"caption\":\"Marche Country Homes\"},\"image\":{\"@id\":\"https:\/\/marchecountryhomes.com\/de\/#\/schema\/logo\/image\/\"},\"sameAs\":[\"https:\/\/www.facebook.com\/Marche-CountryHomes-447631005268932\/\",\"https:\/\/x.com\/marcheproperty\",\"https:\/\/www.instagram.com\/marchecountryhomes\/\",\"https:\/\/it.pinterest.com\/marchecountryhomes\/\",\"https:\/\/www.youtube.com\/user\/MarcheCountryHomes\"]}]}<\/script>\n<!-- \/ Yoast SEO plugin. -->","yoast_head_json":{"title":"Restaurierung der Bauernh\u00e4user - Marche Country Homes","robots":{"index":"index","follow":"follow","max-snippet":"max-snippet:-1","max-image-preview":"max-image-preview:large","max-video-preview":"max-video-preview:-1"},"canonical":"https:\/\/marchecountryhomes.com\/de\/restaurierung-der-bauernhaeuser\/","og_locale":"de_DE","og_type":"article","og_title":"Restaurierung der Bauernh\u00e4user - Marche Country Homes","og_description":"[vc_row][vc_column][vc_column_text] Von der Planung \u00fcber Renovierungs- und Restaurierungsarbeiten bis hin zur Beratung. Marche Country Homes bietet eine breite Palette von Dienstleistungen. Von der Planung bis zur Renovierung von Bauernh\u00e4usern, rustikalen H\u00e4usern und Villen, einschlie\u00dflich Beratung bei der Restaurierung von Immobilien. Hier sind einige Beispiele f\u00fcr Planungs- und Restaurierungsarbeiten f\u00fcr Bauernh\u00e4user.[\/vc_column_text][\/vc_column][\/vc_row][vc_row][vc_column][vc_tta_accordion active_section=&#8220;&#8220;][vc_tta_section title=&#8220;Lesen Sie mehr&#8220; tab_id=&#8220;1584201912156-35db24cf-185a&#8220;][vc_column_text]Das...","og_url":"https:\/\/marchecountryhomes.com\/de\/restaurierung-der-bauernhaeuser\/","og_site_name":"Marche Country Homes","article_publisher":"https:\/\/www.facebook.com\/Marche-CountryHomes-447631005268932\/","article_modified_time":"2023-02-01T10:12:13+00:00","og_image":[{"width":800,"height":431,"url":"https:\/\/marchecountryhomes.com\/wp-content\/uploads\/2017\/11\/casale-colle-apiro-2.jpg","type":"image\/jpeg"}],"twitter_card":"summary_large_image","twitter_site":"@marcheproperty","twitter_misc":{"Gesch\u00e4tzte Lesezeit":"2\u00a0Minuten"},"schema":{"@context":"https:\/\/schema.org","@graph":[{"@type":"WebPage","@id":"https:\/\/marchecountryhomes.com\/de\/restaurierung-der-bauernhaeuser\/","url":"https:\/\/marchecountryhomes.com\/de\/restaurierung-der-bauernhaeuser\/","name":"Restaurierung der Bauernh\u00e4user - Marche Country Homes","isPartOf":{"@id":"https:\/\/marchecountryhomes.com\/de\/#website"},"primaryImageOfPage":{"@id":"https:\/\/marchecountryhomes.com\/de\/restaurierung-der-bauernhaeuser\/#primaryimage"},"image":{"@id":"https:\/\/marchecountryhomes.com\/de\/restaurierung-der-bauernhaeuser\/#primaryimage"},"thumbnailUrl":"https:\/\/marchecountryhomes.com\/wp-content\/uploads\/2017\/11\/casale-colle-apiro-2.jpg","datePublished":"2017-09-15T09:04:38+00:00","dateModified":"2023-02-01T10:12:13+00:00","breadcrumb":{"@id":"https:\/\/marchecountryhomes.com\/de\/restaurierung-der-bauernhaeuser\/#breadcrumb"},"inLanguage":"de","potentialAction":[{"@type":"ReadAction","target":["https:\/\/marchecountryhomes.com\/de\/restaurierung-der-bauernhaeuser\/"]}]},{"@type":"ImageObject","inLanguage":"de","@id":"https:\/\/marchecountryhomes.com\/de\/restaurierung-der-bauernhaeuser\/#primaryimage","url":"https:\/\/marchecountryhomes.com\/wp-content\/uploads\/2017\/11\/casale-colle-apiro-2.jpg","contentUrl":"https:\/\/marchecountryhomes.com\/wp-content\/uploads\/2017\/11\/casale-colle-apiro-2.jpg","width":800,"height":431,"caption":"Restaurierung der Bauernh\u00e4user"},{"@type":"BreadcrumbList","@id":"https:\/\/marchecountryhomes.com\/de\/restaurierung-der-bauernhaeuser\/#breadcrumb","itemListElement":[{"@type":"ListItem","position":1,"name":"Home","item":"https:\/\/marchecountryhomes.com\/de\/"},{"@type":"ListItem","position":2,"name":"Restaurierung der Bauernh\u00e4user"}]},{"@type":"WebSite","@id":"https:\/\/marchecountryhomes.com\/de\/#website","url":"https:\/\/marchecountryhomes.com\/de\/","name":"Marche Country Homes","description":"Case e casali in vendita nelle Marche","publisher":{"@id":"https:\/\/marchecountryhomes.com\/de\/#organization"},"potentialAction":[{"@type":"SearchAction","target":{"@type":"EntryPoint","urlTemplate":"https:\/\/marchecountryhomes.com\/de\/?s={search_term_string}"},"query-input":{"@type":"PropertyValueSpecification","valueRequired":true,"valueName":"search_term_string"}}],"inLanguage":"de"},{"@type":"Organization","@id":"https:\/\/marchecountryhomes.com\/de\/#organization","name":"Marche Country Homes","url":"https:\/\/marchecountryhomes.com\/de\/","logo":{"@type":"ImageObject","inLanguage":"de","@id":"https:\/\/marchecountryhomes.com\/de\/#\/schema\/logo\/image\/","url":"https:\/\/marchecountryhomes.com\/wp-content\/uploads\/2020\/12\/marche-country-homes-logo.png","contentUrl":"https:\/\/marchecountryhomes.com\/wp-content\/uploads\/2020\/12\/marche-country-homes-logo.png","width":168,"height":159,"caption":"Marche Country Homes"},"image":{"@id":"https:\/\/marchecountryhomes.com\/de\/#\/schema\/logo\/image\/"},"sameAs":["https:\/\/www.facebook.com\/Marche-CountryHomes-447631005268932\/","https:\/\/x.com\/marcheproperty","https:\/\/www.instagram.com\/marchecountryhomes\/","https:\/\/it.pinterest.com\/marchecountryhomes\/","https:\/\/www.youtube.com\/user\/MarcheCountryHomes"]}]}},"_links":{"self":[{"href":"https:\/\/marchecountryhomes.com\/de\/wp-json\/wp\/v2\/pages\/22735","targetHints":{"allow":["GET"]}}],"collection":[{"href":"https:\/\/marchecountryhomes.com\/de\/wp-json\/wp\/v2\/pages"}],"about":[{"href":"https:\/\/marchecountryhomes.com\/de\/wp-json\/wp\/v2\/types\/page"}],"author":[{"embeddable":true,"href":"https:\/\/marchecountryhomes.com\/de\/wp-json\/wp\/v2\/users\/12"}],"replies":[{"embeddable":true,"href":"https:\/\/marchecountryhomes.com\/de\/wp-json\/wp\/v2\/comments?post=22735"}],"version-history":[{"count":8,"href":"https:\/\/marchecountryhomes.com\/de\/wp-json\/wp\/v2\/pages\/22735\/revisions"}],"predecessor-version":[{"id":181941,"href":"https:\/\/marchecountryhomes.com\/de\/wp-json\/wp\/v2\/pages\/22735\/revisions\/181941"}],"wp:featuredmedia":[{"embeddable":true,"href":"https:\/\/marchecountryhomes.com\/de\/wp-json\/wp\/v2\/media\/24521"}],"wp:attachment":[{"href":"https:\/\/marchecountryhomes.com\/de\/wp-json\/wp\/v2\/media?parent=22735"}],"curies":[{"name":"wp","href":"https:\/\/api.w.org\/{rel}","templated":true}]}}